{"id":196,"date":"2014-12-27T10:33:57","date_gmt":"2014-12-27T09:33:57","guid":{"rendered":"http:\/\/www.hotelmarilena.it\/test2015\/?page_id=196"},"modified":"2025-12-13T10:03:22","modified_gmt":"2025-12-13T09:03:22","slug":"prenota-hotel-riccione","status":"publish","type":"page","link":"https:\/\/www.hotelmarilena.it\/de\/informationsanfrage.html","title":{"rendered":"Informationsanfrage"},"content":{"rendered":"<p><a href=\"http:\/\/www.hotelmarilena.it\/informativa-privacy.html\" target=\"_blank\" rel=\"noopener noreferrer\">Datenschutzerkl\u00e4rung<\/a><\/p>\n<p>&nbsp;<\/p>\n<p>\n<div class=\"wpcf7 no-js\" id=\"wpcf7-f2109-o2\" lang=\"it-IT\" dir=\"ltr\" data-wpcf7-id=\"2109\">\n<div class=\"screen-reader-response\"><p role=\"status\" aria-live=\"polite\" aria-atomic=\"true\"><\/p> <ul><\/ul><\/div>\n<form action=\"\/de\/wp-json\/wp\/v2\/pages\/196#wpcf7-f2109-o2\" method=\"post\" class=\"wpcf7-form init\" aria-label=\"Modulo di contatto\" novalidate=\"novalidate\" data-status=\"init\">\n<fieldset class=\"hidden-fields-container\"><input type=\"hidden\" name=\"_wpcf7\" value=\"2109\" \/><input type=\"hidden\" name=\"_wpcf7_version\" value=\"6.1.5\" \/><input type=\"hidden\" name=\"_wpcf7_locale\" value=\"it_IT\" \/><input type=\"hidden\" name=\"_wpcf7_unit_tag\" value=\"wpcf7-f2109-o2\" \/><input type=\"hidden\" name=\"_wpcf7_container_post\" value=\"0\" \/><input type=\"hidden\" name=\"_wpcf7_posted_data_hash\" value=\"\" \/><input type=\"hidden\" name=\"_wpcf7_recaptcha_response\" value=\"\" \/>\n<\/fieldset>\n<p>Ihr Name (erforderlich)\n<\/p>\n<p><span class=\"wpcf7-form-control-wrap\" data-name=\"your-name\"><input size=\"40\" maxlength=\"400\" class=\"wpcf7-form-control wpcf7-text wpcf7-validates-as-required\" aria-required=\"true\" aria-invalid=\"false\" value=\"\" type=\"text\" name=\"your-name\" \/><\/span>\n<\/p>\n<p>Ihre E-Mail-Adresse (erforderlich)\n<\/p>\n<p><span class=\"wpcf7-form-control-wrap\" data-name=\"your-email\"><input size=\"40\" maxlength=\"400\" class=\"wpcf7-form-control wpcf7-email wpcf7-validates-as-required wpcf7-text wpcf7-validates-as-email\" aria-required=\"true\" aria-invalid=\"false\" value=\"\" type=\"email\" name=\"your-email\" \/><\/span>\n<\/p>\n<p>Betreff\n<\/p>\n<p><span class=\"wpcf7-form-control-wrap\" data-name=\"your-subject\"><input size=\"40\" maxlength=\"400\" class=\"wpcf7-form-control wpcf7-text\" aria-invalid=\"false\" value=\"\" type=\"text\" name=\"your-subject\" \/><\/span>\n<\/p>\n<p>Anreise\n<\/p>\n<p><span class=\"wpcf7-form-control-wrap\" data-name=\"arrivo\"><input class=\"wpcf7-form-control wpcf7-date wpcf7-validates-as-required wpcf7-validates-as-date\" aria-required=\"true\" aria-invalid=\"false\" value=\"Anreise\" type=\"date\" name=\"arrivo\" \/><\/span>\n<\/p>\n<p>Abreise\n<\/p>\n<p><span class=\"wpcf7-form-control-wrap\" data-name=\"partenza\"><input class=\"wpcf7-form-control wpcf7-date wpcf7-validates-as-required wpcf7-validates-as-date\" aria-required=\"true\" aria-invalid=\"false\" value=\"Abreise\" type=\"date\" name=\"partenza\" \/><\/span>\n<\/p>\n<p>Verpflegung\n<\/p>\n<p><span class=\"wpcf7-form-control-wrap\" data-name=\"trattamento\"><select class=\"wpcf7-form-control wpcf7-select wpcf7-validates-as-required\" aria-required=\"true\" aria-invalid=\"false\" name=\"trattamento\"><option value=\"\">&#8212;Seleziona un&#039;opzione&#8212;<\/option><option value=\"Vollpension\">Vollpension<\/option><option value=\"Halbpension\">Halbpension<\/option><option value=\"\u00dcbernachtung mit Fr\u00fchst\u00fcck\">\u00dcbernachtung mit Fr\u00fchst\u00fcck<\/option><\/select><\/span>\n<\/p>\n<p>Erwachsene\n<\/p>\n<p><span class=\"wpcf7-form-control-wrap\" data-name=\"adulti\"><input class=\"wpcf7-form-control wpcf7-number wpcf7-validates-as-number\" aria-invalid=\"false\" value=\"\" type=\"number\" name=\"adulti\" \/><\/span>\n<\/p>\n<p>Kinder\n<\/p>\n<p><span class=\"wpcf7-form-control-wrap\" data-name=\"bambini\"><input class=\"wpcf7-form-control wpcf7-number wpcf7-validates-as-number\" aria-invalid=\"false\" value=\"\" type=\"number\" name=\"bambini\" \/><\/span>\n<\/p>\n<p>Alter der Kinder\n<\/p>\n<p><span class=\"wpcf7-form-control-wrap\" data-name=\"eta_bambini\"><input size=\"40\" maxlength=\"400\" class=\"wpcf7-form-control wpcf7-text\" aria-invalid=\"false\" value=\"\" type=\"text\" name=\"eta_bambini\" \/><\/span>\n<\/p>\n<p>Ihre Nachricht\n<\/p>\n<p><span class=\"wpcf7-form-control-wrap\" data-name=\"your-message\"><textarea cols=\"40\" rows=\"10\" maxlength=\"2000\" class=\"wpcf7-form-control wpcf7-textarea\" aria-invalid=\"false\" name=\"your-message\"><\/textarea><\/span>\n<\/p>\n<p><span class=\"wpcf7-form-control-wrap\" data-name=\"accprivacy\"><span class=\"wpcf7-form-control wpcf7-checkbox wpcf7-validates-as-required\"><span class=\"wpcf7-list-item first last\"><input type=\"checkbox\" name=\"accprivacy[]\" value=\"Ich erkl\u00e4re, die Datenschutzerkl\u00e4rung gelesen zu haben, insbesondere Punkt 2.b bez\u00fcglich der Daten Dritter\" \/><span class=\"wpcf7-list-item-label\">Ich erkl\u00e4re, die Datenschutzerkl\u00e4rung gelesen zu haben, insbesondere Punkt 2.b bez\u00fcglich der Daten Dritter<\/span><\/span><\/span><\/span>\n<\/p>\n<p><span class=\"wpcf7-form-control-wrap\" data-name=\"accnewsletter\"><span class=\"wpcf7-form-control wpcf7-checkbox wpcf7-validates-as-required\"><span class=\"wpcf7-list-item first last\"><input type=\"checkbox\" name=\"accnewsletter[]\" value=\"Ich erkl\u00e4re, die Datenschutzerkl\u00e4rung gelesen zu haben, insbesondere die Punkte 3.2 und 3.5, und erteile meine Einwilligung zur Datenverarbeitung zu Marketingzwecken\" \/><span class=\"wpcf7-list-item-label\">Ich erkl\u00e4re, die Datenschutzerkl\u00e4rung gelesen zu haben, insbesondere die Punkte 3.2 und 3.5, und erteile meine Einwilligung zur Datenverarbeitung zu Marketingzwecken<\/span><\/span><\/span><\/span>\n<\/p>\n<p><input class=\"wpcf7-form-control wpcf7-submit has-spinner\" type=\"submit\" value=\"Senden\" \/>\n<\/p><p style=\"display: none !important;\" class=\"akismet-fields-container\" data-prefix=\"_wpcf7_ak_\"><label>&#916;<textarea name=\"_wpcf7_ak_hp_textarea\" cols=\"45\" rows=\"8\" maxlength=\"100\"><\/textarea><\/label><input type=\"hidden\" id=\"ak_js_2\" name=\"_wpcf7_ak_js\" value=\"133\"\/><script type=\"text\/javascript\">\n\/* <![CDATA[ *\/\ndocument.getElementById( \"ak_js_2\" ).setAttribute( \"value\", ( new Date() ).getTime() );\n\/* ]]> *\/\n<\/script>\n<\/p><div class=\"wpcf7-response-output\" aria-hidden=\"true\"><\/div>\n<\/form>\n<\/div>\n<\/p>","protected":false},"excerpt":{"rendered":"<p>Datenschutzerkl\u00e4rung &nbsp;<\/p>\n","protected":false},"author":1,"featured_media":0,"parent":0,"menu_order":0,"comment_status":"closed","ping_status":"closed","template":"template-fullwidth.php","meta":{"ngg_post_thumbnail":0,"footnotes":""},"class_list":["post-196","page","type-page","status-publish","hentry"],"yoast_head":"<!-- This site is optimized with the Yoast SEO plugin v27.4 - https:\/\/yoast.com\/product\/yoast-seo-wordpress\/ -->\n<title>Prenota all&#039;Hotel Marilena di Riccione centro<\/title>\n<meta name=\"description\" content=\"Modulo di prenotazione dell&#039;Hotel Marilena di Riccione, hotel 2 stelle sul porto di Riccione, vicino alla spiaggia e a viale Ceccarini\" \/>\n<meta name=\"robots\" content=\"index, follow, max-snippet:-1, max-image-preview:large, max-video-preview:-1\" \/>\n<link rel=\"canonical\" href=\"https:\/\/www.hotelmarilena.it\/de\/richiedi-preventivo.html\" \/>\n<meta property=\"og:locale\" content=\"de_DE\" \/>\n<meta property=\"og:type\" content=\"article\" \/>\n<meta property=\"og:title\" content=\"Prenota all&#039;Hotel Marilena di Riccione centro\" \/>\n<meta property=\"og:description\" content=\"Modulo di prenotazione dell&#039;Hotel Marilena di Riccione, hotel 2 stelle sul porto di Riccione, vicino alla spiaggia e a viale Ceccarini\" \/>\n<meta property=\"og:url\" content=\"https:\/\/www.hotelmarilena.it\/de\/richiedi-preventivo.html\" \/>\n<meta property=\"og:site_name\" content=\"Hotel Marilena\" \/>\n<meta property=\"article:publisher\" content=\"https:\/\/www.facebook.com\/HotelMarilenaRiccione\" \/>\n<meta property=\"article:modified_time\" content=\"2025-12-13T09:03:22+00:00\" \/>\n<meta property=\"og:image\" content=\"https:\/\/www.hotelmarilena.it\/wp-content\/uploads\/2015\/02\/IMG-20200623-WA0009.jpg\" \/>\n\t<meta property=\"og:image:width\" content=\"1600\" \/>\n\t<meta property=\"og:image:height\" content=\"1447\" \/>\n\t<meta property=\"og:image:type\" content=\"image\/jpeg\" \/>\n<script type=\"application\/ld+json\" class=\"yoast-schema-graph\">{\"@context\":\"https:\\\/\\\/schema.org\",\"@graph\":[{\"@type\":\"WebPage\",\"@id\":\"https:\\\/\\\/www.hotelmarilena.it\\\/de\\\/richiedi-preventivo.html\",\"url\":\"https:\\\/\\\/www.hotelmarilena.it\\\/de\\\/richiedi-preventivo.html\",\"name\":\"Prenota all'Hotel Marilena di Riccione centro\",\"isPartOf\":{\"@id\":\"https:\\\/\\\/www.hotelmarilena.it\\\/de\\\/#website\"},\"datePublished\":\"2014-12-27T09:33:57+00:00\",\"dateModified\":\"2025-12-13T09:03:22+00:00\",\"description\":\"Modulo di prenotazione dell'Hotel Marilena di Riccione, hotel 2 stelle sul porto di Riccione, vicino alla spiaggia e a viale Ceccarini\",\"breadcrumb\":{\"@id\":\"https:\\\/\\\/www.hotelmarilena.it\\\/de\\\/richiedi-preventivo.html#breadcrumb\"},\"inLanguage\":\"de\",\"potentialAction\":[{\"@type\":\"ReadAction\",\"target\":[[\"https:\\\/\\\/www.hotelmarilena.it\\\/de\\\/richiedi-preventivo.html\"]]}]},{\"@type\":\"BreadcrumbList\",\"@id\":\"https:\\\/\\\/www.hotelmarilena.it\\\/de\\\/richiedi-preventivo.html#breadcrumb\",\"itemListElement\":[{\"@type\":\"ListItem\",\"position\":1,\"name\":\"Home\",\"item\":\"https:\\\/\\\/www.hotelmarilena.it\\\/de\\\/\"},{\"@type\":\"ListItem\",\"position\":2,\"name\":\"Richiedi Preventivo\"}]},{\"@type\":\"WebSite\",\"@id\":\"https:\\\/\\\/www.hotelmarilena.it\\\/de\\\/#website\",\"url\":\"https:\\\/\\\/www.hotelmarilena.it\\\/de\\\/\",\"name\":\"Hotel Marilena\",\"description\":\"Il tuo Hotel a Riccione\",\"publisher\":{\"@id\":\"https:\\\/\\\/www.hotelmarilena.it\\\/de\\\/#organization\"},\"potentialAction\":[{\"@type\":\"SearchAction\",\"target\":{\"@type\":\"EntryPoint\",\"urlTemplate\":\"https:\\\/\\\/www.hotelmarilena.it\\\/de\\\/?s={search_term_string}\"},\"query-input\":{\"@type\":\"PropertyValueSpecification\",\"valueRequired\":true,\"valueName\":\"search_term_string\"}}],\"inLanguage\":\"de\"},{\"@type\":\"Organization\",\"@id\":\"https:\\\/\\\/www.hotelmarilena.it\\\/de\\\/#organization\",\"name\":\"Hotel Marilena\",\"url\":\"https:\\\/\\\/www.hotelmarilena.it\\\/de\\\/\",\"logo\":{\"@type\":\"ImageObject\",\"inLanguage\":\"de\",\"@id\":\"https:\\\/\\\/www.hotelmarilena.it\\\/de\\\/#\\\/schema\\\/logo\\\/image\\\/\",\"url\":\"https:\\\/\\\/www.hotelmarilena.it\\\/wp-content\\\/uploads\\\/2019\\\/02\\\/logo-home-2019.png\",\"contentUrl\":\"https:\\\/\\\/www.hotelmarilena.it\\\/wp-content\\\/uploads\\\/2019\\\/02\\\/logo-home-2019.png\",\"width\":472,\"height\":234,\"caption\":\"Hotel Marilena\"},\"image\":{\"@id\":\"https:\\\/\\\/www.hotelmarilena.it\\\/de\\\/#\\\/schema\\\/logo\\\/image\\\/\"},\"sameAs\":[\"https:\\\/\\\/www.facebook.com\\\/HotelMarilenaRiccione\",\"https:\\\/\\\/www.instagram.com\\\/hotelmarilenariccione\"]}]}<\/script>\n<!-- \/ Yoast SEO plugin. -->","yoast_head_json":{"title":"Prenota all'Hotel Marilena di Riccione centro","description":"Modulo di prenotazione dell'Hotel Marilena di Riccione, hotel 2 stelle sul porto di Riccione, vicino alla spiaggia e a viale Ceccarini","robots":{"index":"index","follow":"follow","max-snippet":"max-snippet:-1","max-image-preview":"max-image-preview:large","max-video-preview":"max-video-preview:-1"},"canonical":"https:\/\/www.hotelmarilena.it\/de\/richiedi-preventivo.html","og_locale":"de_DE","og_type":"article","og_title":"Prenota all'Hotel Marilena di Riccione centro","og_description":"Modulo di prenotazione dell'Hotel Marilena di Riccione, hotel 2 stelle sul porto di Riccione, vicino alla spiaggia e a viale Ceccarini","og_url":"https:\/\/www.hotelmarilena.it\/de\/richiedi-preventivo.html","og_site_name":"Hotel Marilena","article_publisher":"https:\/\/www.facebook.com\/HotelMarilenaRiccione","article_modified_time":"2025-12-13T09:03:22+00:00","og_image":[{"width":1600,"height":1447,"url":"https:\/\/www.hotelmarilena.it\/wp-content\/uploads\/2015\/02\/IMG-20200623-WA0009.jpg","type":"image\/jpeg"}],"schema":{"@context":"https:\/\/schema.org","@graph":[{"@type":"WebPage","@id":"https:\/\/www.hotelmarilena.it\/de\/richiedi-preventivo.html","url":"https:\/\/www.hotelmarilena.it\/de\/richiedi-preventivo.html","name":"Prenota all'Hotel Marilena di Riccione centro","isPartOf":{"@id":"https:\/\/www.hotelmarilena.it\/de\/#website"},"datePublished":"2014-12-27T09:33:57+00:00","dateModified":"2025-12-13T09:03:22+00:00","description":"Modulo di prenotazione dell'Hotel Marilena di Riccione, hotel 2 stelle sul porto di Riccione, vicino alla spiaggia e a viale Ceccarini","breadcrumb":{"@id":"https:\/\/www.hotelmarilena.it\/de\/richiedi-preventivo.html#breadcrumb"},"inLanguage":"de","potentialAction":[{"@type":"ReadAction","target":[["https:\/\/www.hotelmarilena.it\/de\/richiedi-preventivo.html"]]}]},{"@type":"BreadcrumbList","@id":"https:\/\/www.hotelmarilena.it\/de\/richiedi-preventivo.html#breadcrumb","itemListElement":[{"@type":"ListItem","position":1,"name":"Home","item":"https:\/\/www.hotelmarilena.it\/de\/"},{"@type":"ListItem","position":2,"name":"Richiedi Preventivo"}]},{"@type":"WebSite","@id":"https:\/\/www.hotelmarilena.it\/de\/#website","url":"https:\/\/www.hotelmarilena.it\/de\/","name":"Hotel Marilena","description":"Il tuo Hotel a Riccione","publisher":{"@id":"https:\/\/www.hotelmarilena.it\/de\/#organization"},"potentialAction":[{"@type":"SearchAction","target":{"@type":"EntryPoint","urlTemplate":"https:\/\/www.hotelmarilena.it\/de\/?s={search_term_string}"},"query-input":{"@type":"PropertyValueSpecification","valueRequired":true,"valueName":"search_term_string"}}],"inLanguage":"de"},{"@type":"Organization","@id":"https:\/\/www.hotelmarilena.it\/de\/#organization","name":"Hotel Marilena","url":"https:\/\/www.hotelmarilena.it\/de\/","logo":{"@type":"ImageObject","inLanguage":"de","@id":"https:\/\/www.hotelmarilena.it\/de\/#\/schema\/logo\/image\/","url":"https:\/\/www.hotelmarilena.it\/wp-content\/uploads\/2019\/02\/logo-home-2019.png","contentUrl":"https:\/\/www.hotelmarilena.it\/wp-content\/uploads\/2019\/02\/logo-home-2019.png","width":472,"height":234,"caption":"Hotel Marilena"},"image":{"@id":"https:\/\/www.hotelmarilena.it\/de\/#\/schema\/logo\/image\/"},"sameAs":["https:\/\/www.facebook.com\/HotelMarilenaRiccione","https:\/\/www.instagram.com\/hotelmarilenariccione"]}]}},"_links":{"self":[{"href":"https:\/\/www.hotelmarilena.it\/de\/wp-json\/wp\/v2\/pages\/196","targetHints":{"allow":["GET"]}}],"collection":[{"href":"https:\/\/www.hotelmarilena.it\/de\/wp-json\/wp\/v2\/pages"}],"about":[{"href":"https:\/\/www.hotelmarilena.it\/de\/wp-json\/wp\/v2\/types\/page"}],"author":[{"embeddable":true,"href":"https:\/\/www.hotelmarilena.it\/de\/wp-json\/wp\/v2\/users\/1"}],"replies":[{"embeddable":true,"href":"https:\/\/www.hotelmarilena.it\/de\/wp-json\/wp\/v2\/comments?post=196"}],"version-history":[{"count":0,"href":"https:\/\/www.hotelmarilena.it\/de\/wp-json\/wp\/v2\/pages\/196\/revisions"}],"wp:attachment":[{"href":"https:\/\/www.hotelmarilena.it\/de\/wp-json\/wp\/v2\/media?parent=196"}],"curies":[{"name":"wp","href":"https:\/\/api.w.org\/{rel}","templated":true}]}}